{"id":251,"date":"2026-01-25T18:22:42","date_gmt":"2026-01-25T17:22:42","guid":{"rendered":"https:\/\/alterschwedewedding.de\/?post_type=tribe_events&#038;p=251"},"modified":"2026-01-30T16:04:49","modified_gmt":"2026-01-30T15:04:49","slug":"februar-highlight-raymond-macdonald-guenter-baby-sommer-jazz","status":"publish","type":"tribe_events","link":"https:\/\/alterschwedewedding.de\/index.php\/event\/februar-highlight-raymond-macdonald-guenter-baby-sommer-jazz\/","title":{"rendered":"Februar-Highlight: Raymond MacDonald &#038; G\u00fcnter \u201eBaby\u201c Sommer, Gast: Ulrich Gumpert &#8211; piano (Jazz)"},"content":{"rendered":"<p><b>&#8222;Sounds, Songs &amp; Other Noises&#8220;<\/b><\/p>\n<p>&nbsp;<\/p>\n<p class=\"x_MsoNormal\">Raymond MacDonald \u2013 alto &amp; soprano sax<\/p>\n<p class=\"x_MsoNormal\">G\u00fcnter Baby Sommer &#8211; drums &amp; percussion<\/p>\n<p class=\"x_MsoNormal\"><i>Gast: <\/i>Ulrich Gumpert &#8211; piano<\/p>\n<p>&nbsp;<\/p>\n<p>G\u00fcnter Baby Sommer, geboren in Dresden, ist einer der Pioniere des europ\u00e4ischen Free Jazz.<\/p>\n<p>In seiner \u00fcber 50-j\u00e4hrigen Karriere hat er einen einzigartigen Ansatz f\u00fcr Percussion und einen faszinierenden, h\u00f6chst pers\u00f6nlichen Stil entwickelt, der ihn um die ganze Welt gef\u00fchrt hat, wo er zahlreiche Kooperationen eingegangen ist und das Publikum mit Charme und Virtuosit\u00e4t begeistert hat. Er hat auch seine eigenen au\u00dfergew\u00f6hnlichen Instrumente entwickelt und verf\u00fcgt \u00fcber eine unverwechselbare Klangwelt, die ihn als Meister und echte lebende Legende der Percussion auszeichnet.<\/p>\n<p>Raymond MacDonald ist Saxophonist und Komponist mit einer umfangreichen Karriere in den Bereichen Musik, interdisziplin\u00e4re Kunst und Wissenschaft. Ein Gro\u00dfteil seiner Arbeit besch\u00e4ftigt sich mit den Grenzen und Unklarheiten zwischen dem, was \u00fcblicherweise als Improvisation und Komposition angesehen wird. Als Saxophonist und Komponist hat MacDonald \u00fcber 60 CDs ver\u00f6ffentlicht, weltweit Tourneen und Rundfunkauftritte absolviert und Musik f\u00fcr Film, Fernsehen, Theater, Radio und Kunstinstallationen komponiert.<\/p>\n<p>Das Ergebnis ihrer Zusammenarbeit ist auf ihrer neuen CD \u201eSounds, Songs and some other Noises\u201d zu h\u00f6ren. Diese fr\u00f6hliche und feierliche CD zeigt zwei K\u00fcnstler auf dem H\u00f6hepunkt ihres Schaffens, die mit faszinierenden Ideen neue Landschaften erkunden und die Zuh\u00f6rer in ihre einzigartige und fesselnde Klangwelt entf\u00fchren. Mal zerbrechlich und zart, mal ausgelassen und unbeschwert erkunden sie ihre Kl\u00e4nge und Songs mit dem telepathischen Verst\u00e4ndnis alter Freunde, die eine sch\u00f6ne Zeit miteinander verbringen. Mit einer Reihe neuer, bezaubernder St\u00fccke voller W\u00e4rme und Spannung tanzen und verweben sich Sommers unendlich einfallsreiche Rhythmen zu wundersamen perkussiven Geschichten, w\u00e4hrend das Saxophon manchmal schwebend und klagend, manchmal mit winzigen, subtilen, funkelnden Texturen suchend nach neuen Kl\u00e4ngen sucht. Gemeinsam schaffen sie einen improvisierten magnetischen Charme, der einladend, unwiderstehlich und unterhaltsam ist. Luftige Melodien und Achterbahn-Improvisationen verschmelzen zu einem spannenden Abenteuer, das das Publikum in neue und herrliche Kl\u00e4nge eintauchen l\u00e4sst.<\/p>\n<p>Ulrich Gumpert: Geboren\u00a0\u00a01945 in Jena. Erster Klavierunterricht bei Vater Willy. 1961 Studium in Weimar, Hauptfach Waldhorn. 1964 Exmatrikuliert wegen ML.<br \/>\n1967 Studium in Berlin, Hauptfach Klavier. 1968 abgebrochen. Ab 1967 in diversen Bands von Klaus Lenz. 1971 Mitbegr\u00fcnder der Jazz-Rock-Formation SOK. 1973 Berufsausweis. Im gleichen Jahr Mitbegr\u00fcnder von SYNOPSIS, aus der 1984 das ZENTRALQUARTETT hervorging. Ab 1972 WORKSHOPBANDs in wechselnden Besetzungen und die Arbeit im DUO mit G\u00fcnter Baby Sommer. Tourte u.a. mit Peter Br\u00f6tzmann, Peter Kowald, Harry Miller, Louis Moholo. Es folgen Arbeiten mit Thomas Brasch, Peter Brasch und Jochen Berg. In den 1980er Jahren Besch\u00e4ftigung mit Erik Saties Oeuvre de jeunesse pour piano. In dieser Zeit TRIO mit Radu Malfatti und Tony Oxley und DUOs mit John Tchichai und Steve Lacy. In den 1990er Jahren folgen Solo-, Duo-, Trio- und Quartettkonzerte. Ab 1991 FILMMUSIKEN in Zusammenarbeit mit Matti Geschonneck, u.a. einen Teil der Tatort-Krimis um Kommissar Markowitz.<br \/>\n2005 entstand das ULRICH GUMPERT QUARTETT, das heute in der Besetzung mit J\u00fcrg Wickihalder, Jan Roder und Michael Griener existiert. Ebenfalls 2005 bekam er den \u201eAlbert-Mangelsdorff-Preis\u201c (Deutscher Jazzpreis).\u00a02010 Auftritte beim \u201eBerlin New York\u201c Festival im Iron Dale Culture Center in New York. Bis heute aktive Konzertt\u00e4tigkeit.<\/p>\n<p>Ulrich Gumpert entwickelte einen eigenwilligen Personalstil, indem er die Erfahrungen aus Jazz- und europ\u00e4ischer Musikgeschichte auf origin\u00e4re Weise nutzt und als Improvisator und Komponist der einen oder anderen musikalischen Entwicklung den einen oder anderen musikalischen Impuls verlieh und noch verleiht.<\/p>\n<p><u>\u00dcber das Duo:<\/u><\/p>\n<p>\u201eF\u00fchrend im zeitgen\u00f6ssischen Jazz\u201d \u2013 The Guardian<\/p>\n<p>\u201eMusik, die so ausdrucksstark ist, ist in jedem Musikstil selten\u201d \u2013 Jazz Wise<\/p>\n<p>\u201eErstaunlich brillant\u201d \u2013 Jazz Wise<\/p>\n<p>\u201eEin uneingeschr\u00e4nkter Erfolg\u201d \u2013 The Wire<\/p>\n<p>\u201eIn der Lage, genau die Punkte zu individualisieren, an denen Chaos und Geistesgegenwart verschmelzen, wodurch die Musik ein unerwartetes Intensit\u00e4tsniveau erreicht, bereichert durch wundersch\u00f6n resonante Halos und bewusste melodische Reflexionen. \u201c \u2013 Touching Extremes<\/p>\n<p>\u201eWie Ayler in seiner mittleren Schaffensphase beim Wandern im Hochland &#8230; Wahrscheinlich die angesagteste Jazz-Ver\u00f6ffentlichung des Monats.\u201c \u2013 Jazz Wise<\/p>\n<p>\u201eDie Interaktion zwischen diesen beiden herausragenden Musikern fesselt die Aufmerksamkeit des Zuh\u00f6rers vom Anfang bis zum Ende: Intensit\u00e4t, \u00dcberraschung, Sch\u00f6nheit und kreative Kollisionen.\u201c \u2013 All About Jazz<\/p>\n","protected":false},"excerpt":{"rendered":"<p>&#8222;Sounds, Songs &amp; Other Noises&#8220; &nbsp; Raymond MacDonald \u2013 alto &amp; soprano sax G\u00fcnter Baby Sommer &#8211; drums &amp; percussion Gast: Ulrich Gumpert &#8211; piano &nbsp; G\u00fcnter Baby Sommer, geboren [&hellip;]<\/p>\n","protected":false},"author":2,"featured_media":252,"template":"","meta":{"_EventAllDay":false,"_EventTimezone":"Europe\/Berlin","_EventStartDate":"2026-02-28 20:00:00","_EventEndDate":"2026-02-28 22:00:00","_EventStartDateUTC":"2026-02-28 19:00:00","_EventEndDateUTC":"2026-02-28 21:00:00","_EventShowMap":false,"_EventShowMapLink":true,"_EventURL":"","_EventCost":"Spende","_EventCostDescription":"","_EventCurrencySymbol":"\u20ac","_EventCurrencyCode":"EUR","_EventCurrencyPosition":"suffix","_EventDateTimeSeparator":"","_EventTimeRangeSeparator":"","_EventOrganizerID":[],"_EventVenueID":[],"_OrganizerEmail":"","_OrganizerPhone":"","_OrganizerWebsite":"","_VenueAddress":"","_VenueCity":"","_VenueCountry":"","_VenueProvince":"","_VenueState":"","_VenueZip":"","_VenuePhone":"","_VenueURL":"","_VenueStateProvince":"","_VenueLat":"","_VenueLng":"","_VenueShowMap":false,"_VenueShowMapLink":false,"_tribe_events_status":"","_tribe_events_status_reason":"","footnotes":""},"tags":[],"tribe_events_cat":[],"class_list":["post-251","tribe_events","type-tribe_events","status-publish","has-post-thumbnail","hentry"],"_links":{"self":[{"href":"https:\/\/alterschwedewedding.de\/index.php\/wp-json\/wp\/v2\/tribe_events\/251","targetHints":{"allow":["GET"]}}],"collection":[{"href":"https:\/\/alterschwedewedding.de\/index.php\/wp-json\/wp\/v2\/tribe_events"}],"about":[{"href":"https:\/\/alterschwedewedding.de\/index.php\/wp-json\/wp\/v2\/types\/tribe_events"}],"author":[{"embeddable":true,"href":"https:\/\/alterschwedewedding.de\/index.php\/wp-json\/wp\/v2\/users\/2"}],"version-history":[{"count":8,"href":"https:\/\/alterschwedewedding.de\/index.php\/wp-json\/wp\/v2\/tribe_events\/251\/revisions"}],"predecessor-version":[{"id":271,"href":"https:\/\/alterschwedewedding.de\/index.php\/wp-json\/wp\/v2\/tribe_events\/251\/revisions\/271"}],"wp:featuredmedia":[{"embeddable":true,"href":"https:\/\/alterschwedewedding.de\/index.php\/wp-json\/wp\/v2\/media\/252"}],"wp:attachment":[{"href":"https:\/\/alterschwedewedding.de\/index.php\/wp-json\/wp\/v2\/media?parent=251"}],"wp:term":[{"taxonomy":"post_tag","embeddable":true,"href":"https:\/\/alterschwedewedding.de\/index.php\/wp-json\/wp\/v2\/tags?post=251"},{"taxonomy":"tribe_events_cat","embeddable":true,"href":"https:\/\/alterschwedewedding.de\/index.php\/wp-json\/wp\/v2\/tribe_events_cat?post=251"}],"curies":[{"name":"wp","href":"https:\/\/api.w.org\/{rel}","templated":true}]}}